{"id":1208,"date":"2019-08-22T12:11:34","date_gmt":"2019-08-22T10:11:34","guid":{"rendered":"https:\/\/pekatherm.es\/?product=gu900"},"modified":"2019-08-22T12:11:34","modified_gmt":"2019-08-22T10:11:34","slug":"gu900","status":"publish","type":"product","link":"https:\/\/pekatherm.es\/?product=gu900&lang=pt-pt","title":{"rendered":"GU900 &#8211; Porta-luvas aquecidos com estojo de bateria"},"content":{"rendered":"<p>Forros de luvas aquecidos a bateria.<\/p>\n<ul>\n<li><strong>Tamanhos<\/strong>: S \/ M \/ L<\/li>\n<li><strong>Material:<\/strong> Poli\u00e9ster, Nylon, Lycra<\/li>\n<li><strong>Pot\u00eancia m\u00e1xima<\/strong>: 4.5W<\/li>\n<li><strong>Inclui<\/strong>: duas caixas de bateria 3xAA e dois cabos de extens\u00e3o, baterias n\u00e3o inclu\u00eddas.<\/li>\n<li><strong>Eletr\u00f4nico com aquecimento r\u00e1pido<\/strong> (calor dispon\u00edvel em apenas 15 segundos)<\/li>\n<li><strong>Tempo operacional<\/strong>: at\u00e9 6h com baterias AA padr\u00e3o at\u00e9 15h com baterias de l\u00edtio CP951<\/li>\n<li><strong>Temperatura m\u00e1xima dentro de aproximadamente<\/strong> 50\u00baC com pilhas AA at\u00e9 75\u00baC com pilhas CP 951.<\/li>\n<li><strong>\u00c1reas aquecidas<\/strong>: dorso da m\u00e3o e dedos<\/li>\n<\/ul>\n<p>&nbsp;<\/p>\n<p><img loading=\"lazy\" class=\"alignnone wp-image-374\" src=\"https:\/\/pekatherm.es\/wp-content\/uploads\/2019\/08\/Tabla-guantes-300x184.jpg\" alt=\"\" width=\"316\" height=\"194\" srcset=\"https:\/\/pekatherm.es\/wp-content\/uploads\/2019\/08\/Tabla-guantes-300x184.jpg 300w, https:\/\/pekatherm.es\/wp-content\/uploads\/2019\/08\/Tabla-guantes-768x470.jpg 768w, https:\/\/pekatherm.es\/wp-content\/uploads\/2019\/08\/Tabla-guantes-239x146.jpg 239w, https:\/\/pekatherm.es\/wp-content\/uploads\/2019\/08\/Tabla-guantes-50x31.jpg 50w, https:\/\/pekatherm.es\/wp-content\/uploads\/2019\/08\/Tabla-guantes-123x75.jpg 123w, https:\/\/pekatherm.es\/wp-content\/uploads\/2019\/08\/Tabla-guantes-600x367.jpg 600w, https:\/\/pekatherm.es\/wp-content\/uploads\/2019\/08\/Tabla-guantes.jpg 946w\" sizes=\"(max-width: 316px) 100vw, 316px\" \/><\/p>\n<p>&nbsp;<\/p>\n","protected":false},"excerpt":{"rendered":"<p>EAN 8436531919023 (Tamanho S)<\/p>\n<p>EAN 8436531919047 (Tamanho M)<\/p>\n<p>EAN 8436531919061 (Tamanho L)<\/p>\n<p>Os forros de luvas aquecidos s\u00e3o a solu\u00e7\u00e3o definitiva quando \u00e9 necess\u00e1rio aquecer as m\u00e3os. Qualquer que seja o uso ou a atividade a ser realizada, os forros de luvas aquecidos permitem o uso de luvas convencionais para a atividade (pesca, ca\u00e7a, hipismo, ciclismo, esqui, trabalho ou qualquer outra tarefa em ambiente frio). Eles n\u00e3o s\u00e3o adequados como luvas externas. As caracter\u00edsticas t\u00e9rmicas dos revestimentos das luvas GU 900 s\u00e3o fortemente dependentes das caracter\u00edsticas das luvas externas de inverno sem aquecimento que est\u00e3o sendo usadas para cobrir os revestimentos aquecidos durante o uso. Recomenda-se que as luvas convencionais externas tenham uma estrutura multicamada.<\/p>\n<p>Os forros de luvas aquecidos, fabricados em tecido de espessura m\u00ednima, facilitam a coloca\u00e7\u00e3o das luvas externas, ao mesmo tempo em que permitem que os dedos mantenham sua sensibilidade. O tecido dos revestimentos \u00e9 el\u00e1stico e \u00e9 perfeitamente ajust\u00e1vel \u00e0 m\u00e3o, permitindo total liberdade de movimento.<\/p>\n","protected":false},"featured_media":372,"template":"","meta":[],"_links":{"self":[{"href":"https:\/\/pekatherm.es\/index.php?rest_route=\/wp\/v2\/product\/1208"}],"collection":[{"href":"https:\/\/pekatherm.es\/index.php?rest_route=\/wp\/v2\/product"}],"about":[{"href":"https:\/\/pekatherm.es\/index.php?rest_route=\/wp\/v2\/types\/product"}],"wp:featuredmedia":[{"embeddable":true,"href":"https:\/\/pekatherm.es\/index.php?rest_route=\/wp\/v2\/media\/372"}],"wp:attachment":[{"href":"https:\/\/pekatherm.es\/index.php?rest_route=%2Fwp%2Fv2%2Fmedia&parent=1208"}],"curies":[{"name":"wp","href":"https:\/\/api.w.org\/{rel}","templated":true}]}}